{"id":174,"date":"2024-09-02T15:46:02","date_gmt":"2024-09-02T13:46:02","guid":{"rendered":"https:\/\/www.transaltitude.fr\/?post_type=station_skiligne&#038;p=174"},"modified":"2026-01-05T15:10:06","modified_gmt":"2026-01-05T14:10:06","slug":"174","status":"publish","type":"station_skiligne","link":"https:\/\/www.transaltitude.fr\/fr\/station_skiligne\/174\/","title":{"rendered":"Autrans &#8211; M\u00e9audre en Vercors"},"content":{"rendered":"\n<h2 class=\"wp-block-heading\">tARIFS Skiligne saison 2025 \u2013 2026<\/h2>\n\n\n\n<p class=\"has-important-color has-text-color has-link-color wp-elements-3d7880a23ae910864a0ea1baf53929a6\" style=\"font-size:18px\"><strong>Nouveau !<\/strong> <strong>Avec forfait de ski Alpin <\/strong><\/p>\n\n\n\n<div class=\"wp-block-group station-skiligne-table-price is-layout-flow wp-block-group-is-layout-flow\">\n<figure class=\"wp-block-table\"><table><thead><tr><th colspan=\"2\">AUTRANS, Arr\u00eat \u00ab Domaine skiable La Sure \u00bb du 20\/12\/25 au 08\/03\/26<\/th><th>En agence<\/th><th>En ligne<\/th><\/tr><\/thead><tbody><tr><td rowspan=\"4\"><strong>8H00<\/strong><br>retour 16H40<\/td><td>Samedi, dimanche et vacances scolaires zone A<\/td><td>27 \u20ac<\/td><td>26 \u20ac<\/td><\/tr><\/tbody><\/table><\/figure>\n\n\n\n<p><\/p>\n<\/div>\n\n\n\n<p class=\"has-important-color has-text-color has-link-color wp-elements-e7ab9fed5f034f8fd6af4b0e9ff4569c\" style=\"font-size:18px\"><strong>Avec forfait de ski Nordique<\/strong><\/p>\n\n\n\n<div class=\"wp-block-group station-skiligne-table-price is-layout-flow wp-block-group-is-layout-flow\">\n<figure class=\"wp-block-table\"><table><thead><tr><th colspan=\"2\">AUTRANS, Arr\u00eat \u00ab Foyer ski de fond \u00bb du 20\/12\/25 au 08\/03\/26<\/th><th>En agence<\/th><th>En ligne<\/th><\/tr><\/thead><tbody><tr><td rowspan=\"4\"><strong>8H00<\/strong><br>retour 12H10 (1\/2 journ\u00e9e) <br>ou 16H55 (journ\u00e9e compl\u00e8te)<\/td><td>Samedi, dimanche et vacances scolaires zone A<\/td><td>22 \u20ac<\/td><td>21 \u20ac<\/td><\/tr><\/tbody><\/table><\/figure>\n\n\n\n<p><\/p>\n\n\n\n<p><\/p>\n<\/div>\n","protected":false},"template":"","meta":{"_acf_changed":true,"_seopress_robots_primary_cat":"","_seopress_titles_title":"Autrans - Skiligne","_seopress_titles_desc":"R\u00e9servez votre transport en car et votre forfait de ski pour Autrans ! D\u00e9couvrez les horaires et tarifs 2024-2025.","_seopress_robots_index":""},"class_list":["post-174","station_skiligne","type-station_skiligne","status-publish","hentry"],"acf":[],"_links":{"self":[{"href":"https:\/\/www.transaltitude.fr\/fr\/wp-json\/wp\/v2\/station_skiligne\/174","targetHints":{"allow":["GET"]}}],"collection":[{"href":"https:\/\/www.transaltitude.fr\/fr\/wp-json\/wp\/v2\/station_skiligne"}],"about":[{"href":"https:\/\/www.transaltitude.fr\/fr\/wp-json\/wp\/v2\/types\/station_skiligne"}],"wp:attachment":[{"href":"https:\/\/www.transaltitude.fr\/fr\/wp-json\/wp\/v2\/media?parent=174"}],"curies":[{"name":"wp","href":"https:\/\/api.w.org\/{rel}","templated":true}]}}